{"id":16,"date":"2020-12-28T10:30:28","date_gmt":"2020-12-28T10:30:28","guid":{"rendered":"https:\/\/hpv-untermais.com\/?page_id=16"},"modified":"2021-01-26T11:30:36","modified_gmt":"2021-01-26T11:30:36","slug":"geschichte","status":"publish","type":"page","link":"https:\/\/hpv-untermais.com\/index.php\/geschichte\/","title":{"rendered":"Geschichte"},"content":{"rendered":"\n<p>Die Gr\u00fcndung des Heimatpflegevereins Untermais erfolgte in der Gr\u00fcndungsversammlung vom 21. April 1982 mit dem ersten Obmann Konrad Schwienbacher und den Ausschussmitgliedern Lorenz Bauer, Kurt Libardi, Engelbert Larch, Franz Waldner und den Beir\u00e4ten Karl Wegleiter, Peter Karbacher, Walter Egger, Maria Kollmann, Luis H\u00f6lzl und Hermann Rier. Der erste Vereinssitz war bei Karl Wegleiter in der Romstra\u00dfe 97.<br>Gleich in den ersten Vereinsjahren wurde der Arkadengang am heutigen Urnenfriedhof unter tatkr\u00e4ftiger Mithilfe der Obermaiser Kollegen und der Maiser Sch\u00fctzenkompanien in Angriff genommen und die Renovierung des Angerheimes vorangetrieben.<\/p>\n\n\n\n<div class=\"wp-block-columns is-layout-flex wp-container-core-columns-is-layout-9d6595d7 wp-block-columns-is-layout-flex\">\n<div class=\"wp-block-column is-layout-flow wp-block-column-is-layout-flow\" style=\"flex-basis:33.33%\">\n<figure class=\"wp-block-image size-large is-resized\"><img loading=\"lazy\" decoding=\"async\" src=\"https:\/\/hpv-untermais.com\/wp-content\/uploads\/2021\/01\/Friedhof_01-1.jpg\" alt=\"\" class=\"wp-image-310\" width=\"292\" height=\"434\" srcset=\"https:\/\/hpv-untermais.com\/wp-content\/uploads\/2021\/01\/Friedhof_01-1.jpg 297w, https:\/\/hpv-untermais.com\/wp-content\/uploads\/2021\/01\/Friedhof_01-1-202x300.jpg 202w, https:\/\/hpv-untermais.com\/wp-content\/uploads\/2021\/01\/Friedhof_01-1-110x164.jpg 110w, https:\/\/hpv-untermais.com\/wp-content\/uploads\/2021\/01\/Friedhof_01-1-200x298.jpg 200w, https:\/\/hpv-untermais.com\/wp-content\/uploads\/2021\/01\/Friedhof_01-1-255x379.jpg 255w\" sizes=\"auto, (max-width: 292px) 100vw, 292px\" \/><\/figure>\n<\/div>\n\n\n\n<div class=\"wp-block-column is-layout-flow wp-block-column-is-layout-flow\" style=\"flex-basis:66.66%\">\n<figure class=\"wp-block-image size-large is-resized\"><img loading=\"lazy\" decoding=\"async\" src=\"https:\/\/hpv-untermais.com\/wp-content\/uploads\/2021\/01\/Friedhof_02-1.jpg\" alt=\"\" class=\"wp-image-311\" width=\"660\" height=\"436\" srcset=\"https:\/\/hpv-untermais.com\/wp-content\/uploads\/2021\/01\/Friedhof_02-1.jpg 663w, https:\/\/hpv-untermais.com\/wp-content\/uploads\/2021\/01\/Friedhof_02-1-300x198.jpg 300w, https:\/\/hpv-untermais.com\/wp-content\/uploads\/2021\/01\/Friedhof_02-1-110x73.jpg 110w, https:\/\/hpv-untermais.com\/wp-content\/uploads\/2021\/01\/Friedhof_02-1-200x132.jpg 200w, https:\/\/hpv-untermais.com\/wp-content\/uploads\/2021\/01\/Friedhof_02-1-380x251.jpg 380w, https:\/\/hpv-untermais.com\/wp-content\/uploads\/2021\/01\/Friedhof_02-1-255x168.jpg 255w, https:\/\/hpv-untermais.com\/wp-content\/uploads\/2021\/01\/Friedhof_02-1-550x363.jpg 550w\" sizes=\"auto, (max-width: 660px) 100vw, 660px\" \/><\/figure>\n<\/div>\n<\/div>\n\n\n\n<p>1993 und 1994 wurden alte Fotodokumente im Ort gesammelt und im November 1994 im Pfarrsaal der interessierten \u00d6ffentlichkeit in einer Fotoausstellung vorgestellt. 1995 konnte schlie\u00dflich durch Abt Josef Maria K\u00f6ll das renovierte Vereinshaus eingeweiht werden. Treibende Kr\u00e4fte f\u00fcr dieses Vorhaben waren der damalige Vereinsobmann Josef Waldner und Arch. A. Toggler.<\/p>\n\n\n\n<div class=\"wp-block-columns are-vertically-aligned-top is-layout-flex wp-container-core-columns-is-layout-9d6595d7 wp-block-columns-is-layout-flex\">\n<div class=\"wp-block-column is-vertically-aligned-top is-layout-flow wp-block-column-is-layout-flow\">\n<figure class=\"wp-block-image size-large\"><img loading=\"lazy\" decoding=\"async\" width=\"489\" height=\"316\" src=\"https:\/\/hpv-untermais.com\/wp-content\/uploads\/2021\/01\/Ausstellung-1.jpg\" alt=\"\" class=\"wp-image-312\" srcset=\"https:\/\/hpv-untermais.com\/wp-content\/uploads\/2021\/01\/Ausstellung-1.jpg 489w, https:\/\/hpv-untermais.com\/wp-content\/uploads\/2021\/01\/Ausstellung-1-300x194.jpg 300w, https:\/\/hpv-untermais.com\/wp-content\/uploads\/2021\/01\/Ausstellung-1-110x71.jpg 110w, https:\/\/hpv-untermais.com\/wp-content\/uploads\/2021\/01\/Ausstellung-1-200x129.jpg 200w, https:\/\/hpv-untermais.com\/wp-content\/uploads\/2021\/01\/Ausstellung-1-380x246.jpg 380w, https:\/\/hpv-untermais.com\/wp-content\/uploads\/2021\/01\/Ausstellung-1-255x165.jpg 255w\" sizes=\"auto, (max-width: 489px) 100vw, 489px\" \/><\/figure>\n<\/div>\n\n\n\n<div class=\"wp-block-column is-vertically-aligned-top is-layout-flow wp-block-column-is-layout-flow\">\n<figure class=\"wp-block-image size-large is-resized\"><img loading=\"lazy\" decoding=\"async\" src=\"https:\/\/hpv-untermais.com\/wp-content\/uploads\/2021\/01\/Angerheim_02-1.jpg\" alt=\"\" class=\"wp-image-328\" width=\"354\" height=\"237\" srcset=\"https:\/\/hpv-untermais.com\/wp-content\/uploads\/2021\/01\/Angerheim_02-1.jpg 466w, https:\/\/hpv-untermais.com\/wp-content\/uploads\/2021\/01\/Angerheim_02-1-300x201.jpg 300w, https:\/\/hpv-untermais.com\/wp-content\/uploads\/2021\/01\/Angerheim_02-1-110x74.jpg 110w, https:\/\/hpv-untermais.com\/wp-content\/uploads\/2021\/01\/Angerheim_02-1-200x134.jpg 200w, https:\/\/hpv-untermais.com\/wp-content\/uploads\/2021\/01\/Angerheim_02-1-380x254.jpg 380w, https:\/\/hpv-untermais.com\/wp-content\/uploads\/2021\/01\/Angerheim_02-1-255x171.jpg 255w\" sizes=\"auto, (max-width: 354px) 100vw, 354px\" \/><\/figure>\n<\/div>\n\n\n\n<div class=\"wp-block-column is-vertically-aligned-top is-layout-flow wp-block-column-is-layout-flow\">\n<figure class=\"wp-block-image size-large is-resized\"><img loading=\"lazy\" decoding=\"async\" src=\"https:\/\/hpv-untermais.com\/wp-content\/uploads\/2021\/01\/Angerheim_01-1.jpg\" alt=\"\" class=\"wp-image-330\" width=\"155\" height=\"235\" srcset=\"https:\/\/hpv-untermais.com\/wp-content\/uploads\/2021\/01\/Angerheim_01-1.jpg 209w, https:\/\/hpv-untermais.com\/wp-content\/uploads\/2021\/01\/Angerheim_01-1-198x300.jpg 198w, https:\/\/hpv-untermais.com\/wp-content\/uploads\/2021\/01\/Angerheim_01-1-110x166.jpg 110w, https:\/\/hpv-untermais.com\/wp-content\/uploads\/2021\/01\/Angerheim_01-1-200x302.jpg 200w\" sizes=\"auto, (max-width: 155px) 100vw, 155px\" \/><\/figure>\n<\/div>\n<\/div>\n\n\n\n<p>Das renovierte Angerheim wurde den Untermaiser Vereinen vom Eigent\u00fcmer Stift Stams und der Raiffeisenkasse Meran zu Verf\u00fcgung gestellt und so erhielt auch der Heimatpflegeverein sein Vereinslokal.<br>Im B\u00fcrgersaal im Dachgescho\u00df des Angerheimes konnte der Verein seit 1998 seine Jahreshauptversammlungen abhalten.<br>Neben diesen Gro\u00dfvorhaben wurden aber auch eine Reihe von Bildst\u00f6cken renoviert (Bildgut, F\u00f6rstl, Steaber Kreuz, H\u00f6llriegls\u00e4ge, Gertraud-Kapelle) und einige Brunnen wieder instand gesetzt (Hagenbrunnen, Rieglhofbrunnen, Stallelebrunnen, Brunnen an der Leichenkapelle, Finkbrunnen\u2026)<\/p>\n\n\n\n<p>Nach dem Jahr 2000 wurden weitere gr\u00f6\u00dfere Vorhaben in Angriff genommen: die Renovierung der Maria Trostkirche, das Buchprojekt \u201eAnnales Maisenses\u201c<\/p>\n\n\n\n<div class=\"wp-block-columns is-layout-flex wp-container-core-columns-is-layout-9d6595d7 wp-block-columns-is-layout-flex\">\n<div class=\"wp-block-column is-layout-flow wp-block-column-is-layout-flow\">\n<figure class=\"wp-block-image size-large is-resized\"><img loading=\"lazy\" decoding=\"async\" src=\"https:\/\/hpv-untermais.com\/wp-content\/uploads\/2021\/01\/MariaTrostKirche_01-1.jpg\" alt=\"\" class=\"wp-image-315\" width=\"284\" height=\"237\" srcset=\"https:\/\/hpv-untermais.com\/wp-content\/uploads\/2021\/01\/MariaTrostKirche_01-1.jpg 303w, https:\/\/hpv-untermais.com\/wp-content\/uploads\/2021\/01\/MariaTrostKirche_01-1-300x250.jpg 300w, https:\/\/hpv-untermais.com\/wp-content\/uploads\/2021\/01\/MariaTrostKirche_01-1-110x92.jpg 110w, https:\/\/hpv-untermais.com\/wp-content\/uploads\/2021\/01\/MariaTrostKirche_01-1-200x167.jpg 200w, https:\/\/hpv-untermais.com\/wp-content\/uploads\/2021\/01\/MariaTrostKirche_01-1-255x213.jpg 255w\" sizes=\"auto, (max-width: 284px) 100vw, 284px\" \/><\/figure>\n<\/div>\n\n\n\n<div class=\"wp-block-column is-layout-flow wp-block-column-is-layout-flow\">\n<figure class=\"wp-block-image size-large\"><img loading=\"lazy\" decoding=\"async\" width=\"390\" height=\"252\" src=\"https:\/\/hpv-untermais.com\/wp-content\/uploads\/2021\/01\/MariaTrostKirche_02.jpg\" alt=\"\" class=\"wp-image-316\" srcset=\"https:\/\/hpv-untermais.com\/wp-content\/uploads\/2021\/01\/MariaTrostKirche_02.jpg 390w, https:\/\/hpv-untermais.com\/wp-content\/uploads\/2021\/01\/MariaTrostKirche_02-300x194.jpg 300w, https:\/\/hpv-untermais.com\/wp-content\/uploads\/2021\/01\/MariaTrostKirche_02-110x71.jpg 110w, https:\/\/hpv-untermais.com\/wp-content\/uploads\/2021\/01\/MariaTrostKirche_02-200x129.jpg 200w, https:\/\/hpv-untermais.com\/wp-content\/uploads\/2021\/01\/MariaTrostKirche_02-380x246.jpg 380w, https:\/\/hpv-untermais.com\/wp-content\/uploads\/2021\/01\/MariaTrostKirche_02-255x165.jpg 255w\" sizes=\"auto, (max-width: 390px) 100vw, 390px\" \/><\/figure>\n<\/div>\n\n\n\n<div class=\"wp-block-column is-layout-flow wp-block-column-is-layout-flow\">\n<figure class=\"wp-block-image size-large is-resized\"><img loading=\"lazy\" decoding=\"async\" src=\"https:\/\/hpv-untermais.com\/wp-content\/uploads\/2021\/01\/AnnalesMaienses-1.jpg\" alt=\"\" class=\"wp-image-318\" width=\"376\" height=\"239\" srcset=\"https:\/\/hpv-untermais.com\/wp-content\/uploads\/2021\/01\/AnnalesMaienses-1.jpg 280w, https:\/\/hpv-untermais.com\/wp-content\/uploads\/2021\/01\/AnnalesMaienses-1-110x70.jpg 110w, https:\/\/hpv-untermais.com\/wp-content\/uploads\/2021\/01\/AnnalesMaienses-1-200x127.jpg 200w, https:\/\/hpv-untermais.com\/wp-content\/uploads\/2021\/01\/AnnalesMaienses-1-255x162.jpg 255w\" sizes=\"auto, (max-width: 376px) 100vw, 376px\" \/><\/figure>\n<\/div>\n<\/div>\n\n\n\n<p>In den vergangenen Jahren hat der Heimatpflegeverein Untermais verschiedene landeskundliche Fahrten unternommen, um den Mitgliedern auch benachbarte Regionen und Volksgruppen n\u00e4her zu bringen, so wurden das Unterengadin, Judikarien, Osttirol, Trentino , Kaunertal, Ferrara, Gadertal, Freising, Mantua, die deutschen Sprachinseln im Friaul und andere besucht. Au\u00dferdem wurden verschiedene Halbtagesausfl\u00fcge f\u00fcr die Mitglieder organisiert, um S\u00fcdtirol besser kennenzulernen, so wurden u.a. der Trostburg, dem Kloster Neustift, der Burg Runkelstein, dem Kloster Marienberg, dem Merkantilgeb\u00e4ude, der Burg Karneid und einer Reihe von anderen Sehensw\u00fcrdigkeiten im Lande ein Besuch abgestattet.<\/p>\n\n\n\n<p>Das vergangene Jahrzehnt war zu einem guten Teil gepr\u00e4gt von der Arbeit am zweib\u00e4ndigen Werk \u201eH\u00f6fe in Mais \u2013 Am Anfang war der Hof\u00b0 mit Bd. 1 Untermais, Hagen und Freiberg und mit Bd.2 Obermais und Labers, eine l\u00fcckenlose Erfassung aller Bauernh\u00f6fe in Ober- und Untermais, fotografischen Hofaufnahmen und der Ermittlung der Besitzfolgen auf den einzelnen H\u00f6fen bis hin zu den \u00e4ltesten historischen Erw\u00e4hnungen. Zusammen mit dem Heimatpflegeverein Obermais wurde das Vorhaben durchgef\u00fchrt. Um Finanzierungsbeihilfen f\u00fcr dieses Vorhaben, das f\u00fcr die Ortsgeschichte von Mais ein bedeutsames Werk darstellt, wurde bei der Gemeinde Meran, dem Land S\u00fcdtirol, der Sparkasse S\u00fcdtirol, der Raika Meran und der Volksbank Meran sowie bei der Laurinstiftung nachgesucht. So konnten die Gesamtkosten teilweise gedeckt und den interessierten B\u00fcrgern von Untermais und Obermais ann\u00e4hernd 550 Exemplare gegen eine angemessene Spende \u00fcbergeben werden.<\/p>\n\n\n\n<div class=\"wp-block-columns is-layout-flex wp-container-core-columns-is-layout-9d6595d7 wp-block-columns-is-layout-flex\">\n<div class=\"wp-block-column is-layout-flow wp-block-column-is-layout-flow\">\n<figure class=\"wp-block-image size-large is-resized\"><img loading=\"lazy\" decoding=\"async\" src=\"https:\/\/hpv-untermais.com\/wp-content\/uploads\/2021\/01\/HoefeInMais_01-7-955x1024.jpg\" alt=\"\" class=\"wp-image-308\" width=\"478\" height=\"512\" srcset=\"https:\/\/hpv-untermais.com\/wp-content\/uploads\/2021\/01\/HoefeInMais_01-7-955x1024.jpg 955w, https:\/\/hpv-untermais.com\/wp-content\/uploads\/2021\/01\/HoefeInMais_01-7-280x300.jpg 280w, https:\/\/hpv-untermais.com\/wp-content\/uploads\/2021\/01\/HoefeInMais_01-7-768x823.jpg 768w, https:\/\/hpv-untermais.com\/wp-content\/uploads\/2021\/01\/HoefeInMais_01-7-1433x1536.jpg 1433w, https:\/\/hpv-untermais.com\/wp-content\/uploads\/2021\/01\/HoefeInMais_01-7-1910x2048.jpg 1910w, https:\/\/hpv-untermais.com\/wp-content\/uploads\/2021\/01\/HoefeInMais_01-7-110x118.jpg 110w, https:\/\/hpv-untermais.com\/wp-content\/uploads\/2021\/01\/HoefeInMais_01-7-200x214.jpg 200w, https:\/\/hpv-untermais.com\/wp-content\/uploads\/2021\/01\/HoefeInMais_01-7-380x407.jpg 380w, https:\/\/hpv-untermais.com\/wp-content\/uploads\/2021\/01\/HoefeInMais_01-7-255x273.jpg 255w, https:\/\/hpv-untermais.com\/wp-content\/uploads\/2021\/01\/HoefeInMais_01-7-300x322.jpg 300w, https:\/\/hpv-untermais.com\/wp-content\/uploads\/2021\/01\/HoefeInMais_01-7-550x590.jpg 550w, https:\/\/hpv-untermais.com\/wp-content\/uploads\/2021\/01\/HoefeInMais_01-7-800x858.jpg 800w, https:\/\/hpv-untermais.com\/wp-content\/uploads\/2021\/01\/HoefeInMais_01-7-1160x1244.jpg 1160w, https:\/\/hpv-untermais.com\/wp-content\/uploads\/2021\/01\/HoefeInMais_01-7-scaled.jpg 2388w\" sizes=\"auto, (max-width: 478px) 100vw, 478px\" \/><\/figure>\n<\/div>\n\n\n\n<div class=\"wp-block-column is-layout-flow wp-block-column-is-layout-flow\">\n<figure class=\"wp-block-image size-large is-resized\"><img loading=\"lazy\" decoding=\"async\" src=\"https:\/\/hpv-untermais.com\/wp-content\/uploads\/2021\/01\/HoefeInMais_02-3-943x1024.jpg\" alt=\"\" class=\"wp-image-309\" width=\"472\" height=\"512\" srcset=\"https:\/\/hpv-untermais.com\/wp-content\/uploads\/2021\/01\/HoefeInMais_02-3-943x1024.jpg 943w, https:\/\/hpv-untermais.com\/wp-content\/uploads\/2021\/01\/HoefeInMais_02-3-276x300.jpg 276w, https:\/\/hpv-untermais.com\/wp-content\/uploads\/2021\/01\/HoefeInMais_02-3-768x834.jpg 768w, https:\/\/hpv-untermais.com\/wp-content\/uploads\/2021\/01\/HoefeInMais_02-3-1415x1536.jpg 1415w, https:\/\/hpv-untermais.com\/wp-content\/uploads\/2021\/01\/HoefeInMais_02-3-1887x2048.jpg 1887w, https:\/\/hpv-untermais.com\/wp-content\/uploads\/2021\/01\/HoefeInMais_02-3-110x119.jpg 110w, https:\/\/hpv-untermais.com\/wp-content\/uploads\/2021\/01\/HoefeInMais_02-3-200x217.jpg 200w, https:\/\/hpv-untermais.com\/wp-content\/uploads\/2021\/01\/HoefeInMais_02-3-380x412.jpg 380w, https:\/\/hpv-untermais.com\/wp-content\/uploads\/2021\/01\/HoefeInMais_02-3-255x277.jpg 255w, https:\/\/hpv-untermais.com\/wp-content\/uploads\/2021\/01\/HoefeInMais_02-3-300x326.jpg 300w, https:\/\/hpv-untermais.com\/wp-content\/uploads\/2021\/01\/HoefeInMais_02-3-550x597.jpg 550w, https:\/\/hpv-untermais.com\/wp-content\/uploads\/2021\/01\/HoefeInMais_02-3-800x868.jpg 800w, https:\/\/hpv-untermais.com\/wp-content\/uploads\/2021\/01\/HoefeInMais_02-3-1160x1259.jpg 1160w, https:\/\/hpv-untermais.com\/wp-content\/uploads\/2021\/01\/HoefeInMais_02-3-scaled.jpg 2358w\" sizes=\"auto, (max-width: 472px) 100vw, 472px\" \/><\/figure>\n<\/div>\n<\/div>\n\n\n\n<p>Der Untermaiser Heimatpflegeverein hat in den nunmehr bald 40 Jahren seines Bestehens eine ganze Reihe von gro\u00dfen und kleinen Vorhaben verwirklicht, deren wichtigste oben aufgez\u00e4hlt wurden. Die Vereinsarbeit wurde in monatlich stattfindende Ausschu\u00dfsitzungen angesto\u00dfen und koordiniert. Bisher leiteten folgende Obm\u00e4nner und \u2013frauen den Verein: Konrad Schwienbacher (1982-1988 ), Josef Waldner (1988-2002), Walter Tappeiner (2002-2017) und Gerlinde Metz (2017 bis heute). Die letzte Neuwahl des Vorstandes sollte 2020 stattfinden, konnte aber wegen der bekannten Corona-Einschr\u00e4nkungen nicht erfolgen, sie soll nachgeholt werden, sobald die entsprechenden Corona-Beschr\u00e4nkungen aufgehoben werden k\u00f6nnen.<\/p>\n\n\n\n<figure class=\"wp-block-image size-large is-resized\"><img loading=\"lazy\" decoding=\"async\" src=\"https:\/\/hpv-untermais.com\/wp-content\/uploads\/2021\/01\/AngerheimWappen.jpg\" alt=\"\" class=\"wp-image-292\" width=\"371\" height=\"438\" srcset=\"https:\/\/hpv-untermais.com\/wp-content\/uploads\/2021\/01\/AngerheimWappen.jpg 363w, https:\/\/hpv-untermais.com\/wp-content\/uploads\/2021\/01\/AngerheimWappen-254x300.jpg 254w, https:\/\/hpv-untermais.com\/wp-content\/uploads\/2021\/01\/AngerheimWappen-110x130.jpg 110w, https:\/\/hpv-untermais.com\/wp-content\/uploads\/2021\/01\/AngerheimWappen-200x236.jpg 200w, https:\/\/hpv-untermais.com\/wp-content\/uploads\/2021\/01\/AngerheimWappen-255x301.jpg 255w, https:\/\/hpv-untermais.com\/wp-content\/uploads\/2021\/01\/AngerheimWappen-300x354.jpg 300w\" sizes=\"auto, (max-width: 371px) 100vw, 371px\" \/><\/figure>\n\n\n\n<p><\/p>\n","protected":false},"excerpt":{"rendered":"Die Gr\u00fcndung des Heimatpflegevereins Untermais erfolgte in der Gr\u00fcndungsversammlung vom 21. April 1982 mit dem ersten Obmann Konrad&hellip;\n","protected":false},"author":1,"featured_media":0,"parent":0,"menu_order":0,"comment_status":"closed","ping_status":"closed","template":"","meta":{"ngg_post_thumbnail":0,"footnotes":""},"class_list":["post-16","page","type-page","status-publish"],"_links":{"self":[{"href":"https:\/\/hpv-untermais.com\/index.php\/wp-json\/wp\/v2\/pages\/16","targetHints":{"allow":["GET"]}}],"collection":[{"href":"https:\/\/hpv-untermais.com\/index.php\/wp-json\/wp\/v2\/pages"}],"about":[{"href":"https:\/\/hpv-untermais.com\/index.php\/wp-json\/wp\/v2\/types\/page"}],"author":[{"embeddable":true,"href":"https:\/\/hpv-untermais.com\/index.php\/wp-json\/wp\/v2\/users\/1"}],"replies":[{"embeddable":true,"href":"https:\/\/hpv-untermais.com\/index.php\/wp-json\/wp\/v2\/comments?post=16"}],"version-history":[{"count":0,"href":"https:\/\/hpv-untermais.com\/index.php\/wp-json\/wp\/v2\/pages\/16\/revisions"}],"wp:attachment":[{"href":"https:\/\/hpv-untermais.com\/index.php\/wp-json\/wp\/v2\/media?parent=16"}],"curies":[{"name":"wp","href":"https:\/\/api.w.org\/{rel}","templated":true}]}}